{"id":8140,"date":"2024-08-28T09:52:03","date_gmt":"2024-08-27T23:52:03","guid":{"rendered":"https:\/\/digifort.global\/entreprise\/notre-equipe\/"},"modified":"2026-02-24T20:43:25","modified_gmt":"2026-02-24T09:43:25","slug":"notre-equipe","status":"publish","type":"page","link":"https:\/\/digifort.global\/fr\/entreprise\/notre-equipe\/","title":{"rendered":"Notre \u00e9quipe"},"content":{"rendered":"\t\t<div data-elementor-type=\"wp-page\" data-elementor-id=\"8140\" class=\"elementor elementor-8140 elementor-351\" data-elementor-post-type=\"page\">\n\t\t\t\t<div class=\"elementor-element elementor-element-53ab845 e-flex e-con-boxed e-con e-parent\" data-id=\"53ab845\" data-element_type=\"container\" data-e-type=\"container\" data-settings=\"{&quot;background_background&quot;:&quot;classic&quot;}\">\n\t\t\t\t\t<div class=\"e-con-inner\">\n\t\t\t\t<div class=\"elementor-element elementor-element-3ad86c8 elementor-widget__width-initial elementor-widget elementor-widget-heading\" data-id=\"3ad86c8\" data-element_type=\"widget\" data-e-type=\"widget\" data-widget_type=\"heading.default\">\n\t\t\t\t<div class=\"elementor-widget-container\">\n\t\t\t\t\t<h2 class=\"elementor-heading-title elementor-size-default\">L'\u00e9quipe de direction de Digifort<\/h2>\t\t\t\t<\/div>\n\t\t\t\t<\/div>\n\t\t\t\t\t<\/div>\n\t\t\t\t<\/div>\n\t\t<div class=\"elementor-element elementor-element-b04ef31 e-flex e-con-boxed e-con e-parent\" data-id=\"b04ef31\" data-element_type=\"container\" data-e-type=\"container\" data-settings=\"{&quot;background_background&quot;:&quot;classic&quot;}\">\n\t\t\t\t\t<div class=\"e-con-inner\">\n\t\t<div class=\"elementor-element elementor-element-4fbc063 e-con-full animated-slow e-flex elementor-invisible e-con e-child\" data-id=\"4fbc063\" data-element_type=\"container\" data-e-type=\"container\" data-settings=\"{&quot;animation&quot;:&quot;fadeInUp&quot;}\">\n\t\t\t\t<div class=\"elementor-element elementor-element-e4b807d elementor-widget__width-initial elementor-widget elementor-widget-heading\" data-id=\"e4b807d\" data-element_type=\"widget\" data-e-type=\"widget\" data-widget_type=\"heading.default\">\n\t\t\t\t<div class=\"elementor-widget-container\">\n\t\t\t\t\t<h2 class=\"elementor-heading-title elementor-size-default\">Nos cadres<\/h2>\t\t\t\t<\/div>\n\t\t\t\t<\/div>\n\t\t\t\t<\/div>\n\t\t<div class=\"elementor-element elementor-element-bff8c62 e-con-full animated-slow e-flex elementor-invisible e-con e-child\" data-id=\"bff8c62\" data-element_type=\"container\" data-e-type=\"container\" data-settings=\"{&quot;animation&quot;:&quot;fadeInUp&quot;}\">\n\t\t<div class=\"elementor-element elementor-element-a9b7af9 e-con-full e-flex e-con e-child\" data-id=\"a9b7af9\" data-element_type=\"container\" data-e-type=\"container\">\n\t\t\t\t<div class=\"elementor-element elementor-element-b95ea3d elementor-position-left elementor-vertical-align-middle elementor-widget__width-inherit elementor-widget elementor-widget-image-box\" data-id=\"b95ea3d\" data-element_type=\"widget\" data-e-type=\"widget\" data-widget_type=\"image-box.default\">\n\t\t\t\t<div class=\"elementor-widget-container\">\n\t\t\t\t\t<div class=\"elementor-image-box-wrapper\"><figure class=\"elementor-image-box-img\"><img fetchpriority=\"high\" decoding=\"async\" width=\"300\" height=\"300\" src=\"https:\/\/digifort.global\/wp-content\/uploads\/2024\/09\/Carlos-300x300.png\" class=\"attachment-medium size-medium wp-image-8145\" alt=\"Carlos Bonilha\" srcset=\"https:\/\/digifort.global\/wp-content\/uploads\/2024\/09\/Carlos-300x300.png 300w, https:\/\/digifort.global\/wp-content\/uploads\/2024\/09\/Carlos-150x150.png 150w, https:\/\/digifort.global\/wp-content\/uploads\/2024\/09\/Carlos-768x768.png 768w, https:\/\/digifort.global\/wp-content\/uploads\/2024\/09\/Carlos.png 1000w\" sizes=\"(max-width: 300px) 100vw, 300px\" \/><\/figure><div class=\"elementor-image-box-content\"><h3 class=\"elementor-image-box-title\">Carlos Eduardo Bonilha<\/h3><p class=\"elementor-image-box-description\">Fondateur et directeur g\u00e9n\u00e9ral<\/p><\/div><\/div>\t\t\t\t<\/div>\n\t\t\t\t<\/div>\n\t\t\t\t<\/div>\n\t\t<div class=\"elementor-element elementor-element-981fe42 e-con-full e-flex e-con e-child\" data-id=\"981fe42\" data-element_type=\"container\" data-e-type=\"container\">\n\t\t\t\t<div class=\"elementor-element elementor-element-c8a6d38 elementor-position-left elementor-vertical-align-middle elementor-widget__width-inherit elementor-widget elementor-widget-image-box\" data-id=\"c8a6d38\" data-element_type=\"widget\" data-e-type=\"widget\" data-widget_type=\"image-box.default\">\n\t\t\t\t<div class=\"elementor-widget-container\">\n\t\t\t\t\t<div class=\"elementor-image-box-wrapper\"><figure class=\"elementor-image-box-img\"><img decoding=\"async\" width=\"300\" height=\"300\" src=\"https:\/\/digifort.global\/wp-content\/uploads\/2024\/09\/Eric-300x300.png\" class=\"attachment-medium size-medium wp-image-8144\" alt=\"\" srcset=\"https:\/\/digifort.global\/wp-content\/uploads\/2024\/09\/Eric-300x300.png 300w, https:\/\/digifort.global\/wp-content\/uploads\/2024\/09\/Eric-150x150.png 150w, https:\/\/digifort.global\/wp-content\/uploads\/2024\/09\/Eric-768x768.png 768w, https:\/\/digifort.global\/wp-content\/uploads\/2024\/09\/Eric.png 1000w\" sizes=\"(max-width: 300px) 100vw, 300px\" \/><\/figure><div class=\"elementor-image-box-content\"><h3 class=\"elementor-image-box-title\">Eric Eduardo Bonilha<\/h3><p class=\"elementor-image-box-description\">Co-fondateur et responsable du d\u00e9veloppement<\/p><\/div><\/div>\t\t\t\t<\/div>\n\t\t\t\t<\/div>\n\t\t\t\t<\/div>\n\t\t<div class=\"elementor-element elementor-element-fab6e18 e-con-full e-flex e-con e-child\" data-id=\"fab6e18\" data-element_type=\"container\" data-e-type=\"container\">\n\t\t\t\t<\/div>\n\t\t\t\t<\/div>\n\t\t<div class=\"elementor-element elementor-element-2307a6a e-con-full animated-slow e-flex elementor-invisible e-con e-child\" data-id=\"2307a6a\" data-element_type=\"container\" data-e-type=\"container\" data-settings=\"{&quot;animation&quot;:&quot;fadeInUp&quot;}\">\n\t\t<div class=\"elementor-element elementor-element-0371085 e-con-full e-flex e-con e-child\" data-id=\"0371085\" data-element_type=\"container\" data-e-type=\"container\">\n\t\t\t\t<div class=\"elementor-element elementor-element-772dc42 elementor-position-left elementor-vertical-align-middle elementor-widget__width-inherit elementor-widget elementor-widget-image-box\" data-id=\"772dc42\" data-element_type=\"widget\" data-e-type=\"widget\" data-widget_type=\"image-box.default\">\n\t\t\t\t<div class=\"elementor-widget-container\">\n\t\t\t\t\t<div class=\"elementor-image-box-wrapper\"><figure class=\"elementor-image-box-img\"><img decoding=\"async\" width=\"300\" height=\"300\" src=\"https:\/\/digifort.global\/wp-content\/uploads\/2024\/09\/Tooma-Chong-300x300.png\" class=\"attachment-medium size-medium wp-image-8143\" alt=\"Tooma Chong\" srcset=\"https:\/\/digifort.global\/wp-content\/uploads\/2024\/09\/Tooma-Chong-300x300.png 300w, https:\/\/digifort.global\/wp-content\/uploads\/2024\/09\/Tooma-Chong-150x150.png 150w, https:\/\/digifort.global\/wp-content\/uploads\/2024\/09\/Tooma-Chong-768x768.png 768w, https:\/\/digifort.global\/wp-content\/uploads\/2024\/09\/Tooma-Chong-600x600.png 600w, https:\/\/digifort.global\/wp-content\/uploads\/2024\/09\/Tooma-Chong-100x100.png 100w, https:\/\/digifort.global\/wp-content\/uploads\/2024\/09\/Tooma-Chong.png 1000w\" sizes=\"(max-width: 300px) 100vw, 300px\" \/><\/figure><div class=\"elementor-image-box-content\"><h3 class=\"elementor-image-box-title\">Tooma Chong<\/h3><p class=\"elementor-image-box-description\">Pr\u00e9sident - Global Business<\/p><\/div><\/div>\t\t\t\t<\/div>\n\t\t\t\t<\/div>\n\t\t\t\t<div class=\"elementor-element elementor-element-5b1ce3a elementor-position-left elementor-vertical-align-middle elementor-widget__width-inherit elementor-widget elementor-widget-image-box\" data-id=\"5b1ce3a\" data-element_type=\"widget\" data-e-type=\"widget\" data-widget_type=\"image-box.default\">\n\t\t\t\t<div class=\"elementor-widget-container\">\n\t\t\t\t\t<div class=\"elementor-image-box-wrapper\"><figure class=\"elementor-image-box-img\"><img loading=\"lazy\" decoding=\"async\" width=\"300\" height=\"300\" src=\"https:\/\/digifort.global\/wp-content\/uploads\/2025\/02\/Arie-300x300.png\" class=\"attachment-medium size-medium wp-image-8150\" alt=\"Arie Hornreich\" srcset=\"https:\/\/digifort.global\/wp-content\/uploads\/2025\/02\/Arie-300x300.png 300w, https:\/\/digifort.global\/wp-content\/uploads\/2025\/02\/Arie-150x150.png 150w, https:\/\/digifort.global\/wp-content\/uploads\/2025\/02\/Arie-768x768.png 768w, https:\/\/digifort.global\/wp-content\/uploads\/2025\/02\/Arie.png 1000w\" sizes=\"(max-width: 300px) 100vw, 300px\" \/><\/figure><div class=\"elementor-image-box-content\"><h3 class=\"elementor-image-box-title\">Arie Hornreich<\/h3><p class=\"elementor-image-box-description\">BDM - Am\u00e9rique du Nord et LATAM<\/p><\/div><\/div>\t\t\t\t<\/div>\n\t\t\t\t<\/div>\n\t\t\t\t<div class=\"elementor-element elementor-element-3be64a1 elementor-position-left elementor-vertical-align-middle elementor-widget__width-inherit elementor-widget elementor-widget-image-box\" data-id=\"3be64a1\" data-element_type=\"widget\" data-e-type=\"widget\" data-widget_type=\"image-box.default\">\n\t\t\t\t<div class=\"elementor-widget-container\">\n\t\t\t\t\t<div class=\"elementor-image-box-wrapper\"><figure class=\"elementor-image-box-img\"><img loading=\"lazy\" decoding=\"async\" width=\"300\" height=\"300\" src=\"https:\/\/digifort.global\/wp-content\/uploads\/2024\/09\/Francois-300x300.png\" class=\"attachment-medium size-medium wp-image-7909\" alt=\"Francois Levy\" srcset=\"https:\/\/digifort.global\/wp-content\/uploads\/2024\/09\/Francois-300x300.png 300w, https:\/\/digifort.global\/wp-content\/uploads\/2024\/09\/Francois-150x150.png 150w, https:\/\/digifort.global\/wp-content\/uploads\/2024\/09\/Francois-768x768.png 768w, https:\/\/digifort.global\/wp-content\/uploads\/2024\/09\/Francois.png 1000w\" sizes=\"(max-width: 300px) 100vw, 300px\" \/><\/figure><div class=\"elementor-image-box-content\"><h3 class=\"elementor-image-box-title\">Francois Levy<\/h3><p class=\"elementor-image-box-description\">Vice-pr\u00e9sident - Affaires EMEA<\/p><\/div><\/div>\t\t\t\t<\/div>\n\t\t\t\t<\/div>\n\t\t\t\t<\/div>\n\t\t\t\t<\/div>\n\t\t<div class=\"elementor-element elementor-element-63d7b27 e-con-full animated-slow e-flex elementor-invisible e-con e-child\" data-id=\"63d7b27\" data-element_type=\"container\" data-e-type=\"container\" data-settings=\"{&quot;animation&quot;:&quot;fadeInUp&quot;}\">\n\t\t<div class=\"elementor-element elementor-element-0944cac e-con-full e-flex e-con e-child\" data-id=\"0944cac\" data-element_type=\"container\" data-e-type=\"container\">\n\t\t\t\t<div class=\"elementor-element elementor-element-dffdb8a elementor-position-left elementor-vertical-align-middle elementor-widget__width-inherit elementor-widget elementor-widget-image-box\" data-id=\"dffdb8a\" data-element_type=\"widget\" data-e-type=\"widget\" data-widget_type=\"image-box.default\">\n\t\t\t\t<div class=\"elementor-widget-container\">\n\t\t\t\t\t<div class=\"elementor-image-box-wrapper\"><figure class=\"elementor-image-box-img\"><img loading=\"lazy\" decoding=\"async\" width=\"300\" height=\"300\" src=\"https:\/\/digifort.global\/wp-content\/uploads\/2025\/02\/Diego-300x300.png\" class=\"attachment-medium size-medium wp-image-8151\" alt=\"Diego Cepeda\" srcset=\"https:\/\/digifort.global\/wp-content\/uploads\/2025\/02\/Diego-300x300.png 300w, https:\/\/digifort.global\/wp-content\/uploads\/2025\/02\/Diego-150x150.png 150w, https:\/\/digifort.global\/wp-content\/uploads\/2025\/02\/Diego-768x768.png 768w, https:\/\/digifort.global\/wp-content\/uploads\/2025\/02\/Diego.png 1000w\" sizes=\"(max-width: 300px) 100vw, 300px\" \/><\/figure><div class=\"elementor-image-box-content\"><h3 class=\"elementor-image-box-title\">Diego Cepeda<\/h3><p class=\"elementor-image-box-description\">Chef de projet en Colombie<\/p><\/div><\/div>\t\t\t\t<\/div>\n\t\t\t\t<\/div>\n\t\t\t\t<div class=\"elementor-element elementor-element-09b51f9 elementor-position-left elementor-vertical-align-middle elementor-widget__width-inherit elementor-widget elementor-widget-image-box\" data-id=\"09b51f9\" data-element_type=\"widget\" data-e-type=\"widget\" data-widget_type=\"image-box.default\">\n\t\t\t\t<div class=\"elementor-widget-container\">\n\t\t\t\t\t<div class=\"elementor-image-box-wrapper\"><figure class=\"elementor-image-box-img\"><img loading=\"lazy\" decoding=\"async\" width=\"300\" height=\"300\" src=\"https:\/\/digifort.global\/wp-content\/uploads\/2025\/02\/Mariano-300x300.png\" class=\"attachment-medium size-medium wp-image-8152\" alt=\"Mariano Bonaglia\" srcset=\"https:\/\/digifort.global\/wp-content\/uploads\/2025\/02\/Mariano-300x300.png 300w, https:\/\/digifort.global\/wp-content\/uploads\/2025\/02\/Mariano-150x150.png 150w, https:\/\/digifort.global\/wp-content\/uploads\/2025\/02\/Mariano-768x768.png 768w, https:\/\/digifort.global\/wp-content\/uploads\/2025\/02\/Mariano.png 1000w\" sizes=\"(max-width: 300px) 100vw, 300px\" \/><\/figure><div class=\"elementor-image-box-content\"><h3 class=\"elementor-image-box-title\">Mariano Bonaglia<\/h3><p class=\"elementor-image-box-description\">Directeur Cono Sur &amp; Peru<\/p><\/div><\/div>\t\t\t\t<\/div>\n\t\t\t\t<\/div>\n\t\t\t\t<div class=\"elementor-element elementor-element-da6cb12 elementor-position-left elementor-vertical-align-middle elementor-widget__width-inherit elementor-widget elementor-widget-image-box\" data-id=\"da6cb12\" data-element_type=\"widget\" data-e-type=\"widget\" data-widget_type=\"image-box.default\">\n\t\t\t\t<div class=\"elementor-widget-container\">\n\t\t\t\t\t<div class=\"elementor-image-box-wrapper\"><figure class=\"elementor-image-box-img\"><img loading=\"lazy\" decoding=\"async\" width=\"300\" height=\"300\" src=\"https:\/\/digifort.global\/wp-content\/uploads\/2025\/02\/Mauricio-300x300.png\" class=\"attachment-medium size-medium wp-image-8153\" alt=\"Mauricio Pecoraro\" srcset=\"https:\/\/digifort.global\/wp-content\/uploads\/2025\/02\/Mauricio-300x300.png 300w, https:\/\/digifort.global\/wp-content\/uploads\/2025\/02\/Mauricio-150x150.png 150w, https:\/\/digifort.global\/wp-content\/uploads\/2025\/02\/Mauricio-768x768.png 768w, https:\/\/digifort.global\/wp-content\/uploads\/2025\/02\/Mauricio.png 1000w\" sizes=\"(max-width: 300px) 100vw, 300px\" \/><\/figure><div class=\"elementor-image-box-content\"><h3 class=\"elementor-image-box-title\">Mauricio Pecoraro<\/h3><p class=\"elementor-image-box-description\">Mexique Directeur g\u00e9n\u00e9ral<\/p><\/div><\/div>\t\t\t\t<\/div>\n\t\t\t\t<\/div>\n\t\t\t\t<\/div>\n\t\t\t\t<\/div>\n\t\t<div class=\"elementor-element elementor-element-6ed22ea e-con-full animated-slow e-flex elementor-invisible e-con e-child\" data-id=\"6ed22ea\" data-element_type=\"container\" data-e-type=\"container\" data-settings=\"{&quot;animation&quot;:&quot;fadeInUp&quot;}\">\n\t\t\t\t<div class=\"elementor-element elementor-element-df16c5d elementor-widget__width-initial elementor-widget elementor-widget-heading\" data-id=\"df16c5d\" data-element_type=\"widget\" data-e-type=\"widget\" data-widget_type=\"heading.default\">\n\t\t\t\t<div class=\"elementor-widget-container\">\n\t\t\t\t\t<h2 class=\"elementor-heading-title elementor-size-default\">Croissance mondiale<\/h2>\t\t\t\t<\/div>\n\t\t\t\t<\/div>\n\t\t\t\t<\/div>\n\t\t<div class=\"elementor-element elementor-element-b6e794a e-con-full animated-slow e-flex elementor-invisible e-con e-child\" data-id=\"b6e794a\" data-element_type=\"container\" data-e-type=\"container\" data-settings=\"{&quot;animation&quot;:&quot;fadeInUp&quot;}\">\n\t\t<div class=\"elementor-element elementor-element-ac657ac e-con-full e-flex e-con e-child\" data-id=\"ac657ac\" data-element_type=\"container\" data-e-type=\"container\">\n\t\t\t\t<div class=\"elementor-element elementor-element-8ff1b39 elementor-position-left elementor-vertical-align-middle elementor-widget__width-inherit elementor-widget elementor-widget-image-box\" data-id=\"8ff1b39\" data-element_type=\"widget\" data-e-type=\"widget\" data-widget_type=\"image-box.default\">\n\t\t\t\t<div class=\"elementor-widget-container\">\n\t\t\t\t\t<div class=\"elementor-image-box-wrapper\"><figure class=\"elementor-image-box-img\"><img loading=\"lazy\" decoding=\"async\" width=\"300\" height=\"300\" src=\"https:\/\/digifort.global\/wp-content\/uploads\/2024\/09\/MohammadReza-300x300.png\" class=\"attachment-medium size-medium wp-image-8146\" alt=\"MohammadReza Ghanooni\" srcset=\"https:\/\/digifort.global\/wp-content\/uploads\/2024\/09\/MohammadReza-300x300.png 300w, https:\/\/digifort.global\/wp-content\/uploads\/2024\/09\/MohammadReza-150x150.png 150w, https:\/\/digifort.global\/wp-content\/uploads\/2024\/09\/MohammadReza-768x768.png 768w, https:\/\/digifort.global\/wp-content\/uploads\/2024\/09\/MohammadReza.png 1000w\" sizes=\"(max-width: 300px) 100vw, 300px\" \/><\/figure><div class=\"elementor-image-box-content\"><h3 class=\"elementor-image-box-title\">M.Reza Ghanooni<\/h3><p class=\"elementor-image-box-description\">Directeur - Croissance mondiale<\/p><\/div><\/div>\t\t\t\t<\/div>\n\t\t\t\t<\/div>\n\t\t\t\t<\/div>\n\t\t<div class=\"elementor-element elementor-element-5f97792 e-con-full e-flex e-con e-child\" data-id=\"5f97792\" data-element_type=\"container\" data-e-type=\"container\">\n\t\t\t\t<\/div>\n\t\t<div class=\"elementor-element elementor-element-38dd2c8 e-con-full e-flex e-con e-child\" data-id=\"38dd2c8\" data-element_type=\"container\" data-e-type=\"container\">\n\t\t\t\t<\/div>\n\t\t\t\t<\/div>\n\t\t<div class=\"elementor-element elementor-element-4a5e73c e-con-full animated-slow elementor-hidden-widescreen elementor-hidden-desktop elementor-hidden-laptop elementor-hidden-tablet_extra elementor-hidden-tablet elementor-hidden-mobile_extra elementor-hidden-mobile e-flex elementor-invisible e-con e-child\" data-id=\"4a5e73c\" data-element_type=\"container\" data-e-type=\"container\" data-settings=\"{&quot;animation&quot;:&quot;fadeInUp&quot;}\">\n\t\t<div class=\"elementor-element elementor-element-df03f43 e-con-full e-flex e-con e-child\" data-id=\"df03f43\" data-element_type=\"container\" data-e-type=\"container\">\n\t\t\t\t<div class=\"elementor-element elementor-element-1b2146a elementor-position-left elementor-vertical-align-middle elementor-widget elementor-widget-image-box\" data-id=\"1b2146a\" data-element_type=\"widget\" data-e-type=\"widget\" data-widget_type=\"image-box.default\">\n\t\t\t\t<div class=\"elementor-widget-container\">\n\t\t\t\t\t<div class=\"elementor-image-box-wrapper\"><figure class=\"elementor-image-box-img\"><img loading=\"lazy\" decoding=\"async\" width=\"300\" height=\"300\" src=\"https:\/\/digifort.global\/wp-content\/uploads\/2024\/09\/Mahesh-300x300.png\" class=\"attachment-medium size-medium wp-image-8149\" alt=\"Mahesh Nagaraju\" srcset=\"https:\/\/digifort.global\/wp-content\/uploads\/2024\/09\/Mahesh-300x300.png 300w, https:\/\/digifort.global\/wp-content\/uploads\/2024\/09\/Mahesh-150x150.png 150w, https:\/\/digifort.global\/wp-content\/uploads\/2024\/09\/Mahesh-768x768.png 768w, https:\/\/digifort.global\/wp-content\/uploads\/2024\/09\/Mahesh.png 1000w\" sizes=\"(max-width: 300px) 100vw, 300px\" \/><\/figure><div class=\"elementor-image-box-content\"><h3 class=\"elementor-image-box-title\">Mahesh Nagaraju<\/h3><p class=\"elementor-image-box-description\">Directeur r\u00e9gional - Inde<\/p><\/div><\/div>\t\t\t\t<\/div>\n\t\t\t\t<\/div>\n\t\t\t\t<div class=\"elementor-element elementor-element-5e1039b elementor-position-left elementor-vertical-align-middle elementor-widget elementor-widget-image-box\" data-id=\"5e1039b\" data-element_type=\"widget\" data-e-type=\"widget\" data-widget_type=\"image-box.default\">\n\t\t\t\t<div class=\"elementor-widget-container\">\n\t\t\t\t\t<div class=\"elementor-image-box-wrapper\"><figure class=\"elementor-image-box-img\"><img loading=\"lazy\" decoding=\"async\" width=\"300\" height=\"300\" src=\"https:\/\/digifort.global\/wp-content\/uploads\/2024\/09\/Ben-2-300x300.png\" class=\"attachment-medium size-medium wp-image-8147\" alt=\"Benedict Chong\" srcset=\"https:\/\/digifort.global\/wp-content\/uploads\/2024\/09\/Ben-2-300x300.png 300w, https:\/\/digifort.global\/wp-content\/uploads\/2024\/09\/Ben-2-150x150.png 150w, https:\/\/digifort.global\/wp-content\/uploads\/2024\/09\/Ben-2-768x768.png 768w, https:\/\/digifort.global\/wp-content\/uploads\/2024\/09\/Ben-2.png 1000w\" sizes=\"(max-width: 300px) 100vw, 300px\" \/><\/figure><div class=\"elementor-image-box-content\"><h3 class=\"elementor-image-box-title\">Benedict Chong<\/h3><p class=\"elementor-image-box-description\">Responsable des solutions techniques<\/p><\/div><\/div>\t\t\t\t<\/div>\n\t\t\t\t<\/div>\n\t\t\t\t<div class=\"elementor-element elementor-element-21cb8d6 elementor-position-left elementor-vertical-align-middle elementor-widget elementor-widget-image-box\" data-id=\"21cb8d6\" data-element_type=\"widget\" data-e-type=\"widget\" data-widget_type=\"image-box.default\">\n\t\t\t\t<div class=\"elementor-widget-container\">\n\t\t\t\t\t<div class=\"elementor-image-box-wrapper\"><figure class=\"elementor-image-box-img\"><img loading=\"lazy\" decoding=\"async\" width=\"300\" height=\"300\" src=\"https:\/\/digifort.global\/wp-content\/uploads\/2024\/09\/Mairaj-300x300.png\" class=\"attachment-medium size-medium wp-image-8148\" alt=\"Mairaj Muhammad\" srcset=\"https:\/\/digifort.global\/wp-content\/uploads\/2024\/09\/Mairaj-300x300.png 300w, https:\/\/digifort.global\/wp-content\/uploads\/2024\/09\/Mairaj-150x150.png 150w, https:\/\/digifort.global\/wp-content\/uploads\/2024\/09\/Mairaj-768x768.png 768w, https:\/\/digifort.global\/wp-content\/uploads\/2024\/09\/Mairaj.png 1000w\" sizes=\"(max-width: 300px) 100vw, 300px\" \/><\/figure><div class=\"elementor-image-box-content\"><h3 class=\"elementor-image-box-title\">Mairaj Muhammad<\/h3><p class=\"elementor-image-box-description\">Directeur r\u00e9gional - ME<\/p><\/div><\/div>\t\t\t\t<\/div>\n\t\t\t\t<\/div>\n\t\t\t\t<\/div>\n\t\t\t\t<\/div>\n\t\t\t\t\t<\/div>\n\t\t\t\t<\/div>\n\t\t\t\t<\/div>\n\t\t","protected":false},"excerpt":{"rendered":"<p>L&rsquo;\u00e9quipe de direction de Digifort Nos cadres Carlos Eduardo Bonilha Fondateur et directeur g\u00e9n\u00e9ral Eric Eduardo Bonilha Co-fondateur et responsable du d\u00e9veloppement Tooma Chong Pr\u00e9sident - Global Business Arie Hornreich BDM - Am\u00e9rique du Nord et LATAM Francois Levy Vice-pr\u00e9sident - Affaires EMEA Diego Cepeda Chef de projet en Colombie Mariano Bonaglia Directeur Cono Sur [&hellip;]<\/p>\n","protected":false},"author":2,"featured_media":0,"parent":7364,"menu_order":0,"comment_status":"closed","ping_status":"closed","template":"","meta":{"footnotes":""},"class_list":["post-8140","page","type-page","status-publish","hentry"],"_links":{"self":[{"href":"https:\/\/digifort.global\/fr\/wp-json\/wp\/v2\/pages\/8140","targetHints":{"allow":["GET"]}}],"collection":[{"href":"https:\/\/digifort.global\/fr\/wp-json\/wp\/v2\/pages"}],"about":[{"href":"https:\/\/digifort.global\/fr\/wp-json\/wp\/v2\/types\/page"}],"author":[{"embeddable":true,"href":"https:\/\/digifort.global\/fr\/wp-json\/wp\/v2\/users\/2"}],"replies":[{"embeddable":true,"href":"https:\/\/digifort.global\/fr\/wp-json\/wp\/v2\/comments?post=8140"}],"version-history":[{"count":2,"href":"https:\/\/digifort.global\/fr\/wp-json\/wp\/v2\/pages\/8140\/revisions"}],"predecessor-version":[{"id":11984,"href":"https:\/\/digifort.global\/fr\/wp-json\/wp\/v2\/pages\/8140\/revisions\/11984"}],"up":[{"embeddable":true,"href":"https:\/\/digifort.global\/fr\/wp-json\/wp\/v2\/pages\/7364"}],"wp:attachment":[{"href":"https:\/\/digifort.global\/fr\/wp-json\/wp\/v2\/media?parent=8140"}],"curies":[{"name":"wp","href":"https:\/\/api.w.org\/{rel}","templated":true}]}}